{"id":3485,"date":"2017-12-12T14:07:36","date_gmt":"2017-12-12T13:07:36","guid":{"rendered":"https:\/\/www.ursheld.ch\/ursheld\/?post_type=tribe_events&#038;p=3485"},"modified":"2018-06-27T14:28:34","modified_gmt":"2018-06-27T12:28:34","slug":"retreat-aufwachen-heilung-freiheit-sich-selber-sein-3","status":"publish","type":"tribe_events","link":"https:\/\/www.ursheld.ch\/ursheld\/event\/retreat-aufwachen-heilung-freiheit-sich-selber-sein-3\/","title":{"rendered":"Retreat:  Liebe . Weisheit . Freude"},"content":{"rendered":"<h4>Aufwachen . Heilen . Pers\u00f6nlichkeitswandel . Potenzialentfaltung . Tr\u00e4ume . Visionen . JA! zum Leben<\/h4>\n<ul>\n<li><strong>&#8222;Befreie dich, befreie dich vollkommen, bis die Frage nach der Befreiung in dir schwindet. <\/strong>\n<ul>\n<li>Fliesse, fliesse mit dem Leben. In diesem Fluss werden das &#8222;Du&#8220; und &#8222;Ich&#8220; sich aufl\u00f6sen.<\/li>\n<li>Der Vergleich deiner inneren und der \u00e4usseren Welt wird sich aufl\u00f6sen.\u00a0Ohne es zu wissen <strong>wirst du erkennen, dass du bereits angekommen bist&#8220;.<\/strong> \u00a0(Sri Vast)<\/li>\n<\/ul>\n<\/li>\n<li><strong>&#8222;Dann erkennst &#8222;Du&#8220;, wer du wirklich bist.\u00a0<\/strong>\n<ul>\n<li>Dann kannst &#8222;Du&#8220; wirklich leben und <strong>tun, was &#8222;Du&#8220; wirklich tun willst.<\/strong><\/li>\n<li>Dann kannst &#8222;Du&#8220; wirklich leben und<strong> erschaffen was immer &#8222;Du&#8220; aus reinem Herzen erschaffen willst&#8220;.<\/strong><\/li>\n<\/ul>\n<\/li>\n<\/ul>\n<h4>&#8222;Es geht darum, Spiritualit\u00e4t\/Wahrheit nicht von der Form und die Form \u00a0nicht von der Wahrheit\/Spiritualit\u00e4t zu trennen. Im tief erfahrenen Wissen, dass &#8222;es&#8220; letztlich das weder-noch ist&#8220;.<\/h4>\n<p>&nbsp;<\/p>\n<h4><strong>Diese befreienden acht Tage sind f\u00fcr alle Menschen geeignet, die den Wunsch nach<\/strong><\/h4>\n<ul>\n<li><strong>vollkommener Befreiung &#8211; spirituellem Aufwachen<\/strong>\n<ul>\n<li>sich selber als Liebe-F\u00fclle &amp; Weisheit-Leere erfahren<\/li>\n<\/ul>\n<\/li>\n<li><strong>integraler Heilung &#8211; Selbstheilung<\/strong>\n<ul>\n<li>nat\u00fcrliche Gesundheit &amp; Wohlbefinden<\/li>\n<\/ul>\n<\/li>\n<li><strong> innerem Pers\u00f6nlichkeitswandel<\/strong>\n<ul>\n<li>&#8222;Lebensunternehmerin&#8220; werden &#8211; sein<\/li>\n<\/ul>\n<\/li>\n<li><strong>wirken aus dem reinen Bewusstsein <\/strong>\n<ul>\n<li>verwirklichen des reinen Potenzial &#8211; Beruf als Berufung<\/li>\n<\/ul>\n<\/li>\n<li><strong>Verwirklichung von Lebenstr\u00e4ume und Visionen<\/strong>\n<ul>\n<li>ein Leben in Einklang mit sich und seiner Umgebung leben<\/li>\n<\/ul>\n<\/li>\n<\/ul>\n<p><strong>haben.\u00a0<\/strong><\/p>\n<h4><strong>Special:<\/strong><\/h4>\n<ul>\n<li><strong>Man kann in dieser kl\u00e4renden Intensivwoche auch einzelne Treffen besuchen. <\/strong>\n<ul>\n<li>Freitag\u00a0Abendpauschale: \u00a0 \u00a0 Sfr. 55.-<\/li>\n<li>Halbtagspauschale: \u00a0 \u00a0 \u00a0 \u00a0 \u00a0 \u00a0 \u00a0Sfr. 120.-<\/li>\n<li>Tagespauschale \u00a0 \u00a0 \u00a0 \u00a0 \u00a0 \u00a0 \u00a0 \u00a0 \u00a0 \u00a0 Sfr. 210.-<\/li>\n<li>Wochenendpauschale \u00a0 \u00a0 \u00a0 \u00a0 \u00a0Sfr. 390.-<\/li>\n<\/ul>\n<\/li>\n<li><strong>Sie brauchen keinerlei Vorkenntnisse f\u00fcr diese kl\u00e4rende Intensivwoche. <\/strong>\n<ul>\n<li>Sie werden da abgeholt und begleitet wo sie sich zurzeit auf ihrer\u00a0Lebensreise befinden.<\/li>\n<\/ul>\n<\/li>\n<li><strong>Erg\u00e4nzend zu den Gruppeneinheiten bietet\u00a0<\/strong><strong>Anna Grzimek <a href=\"https:\/\/www.annagrzimek.com\">(www.annagrzimek.com)<\/a>\u00a0 <\/strong>\n<ul>\n<li><strong>Einzelstunden mit der Quelle, <\/strong>einem Zusammenschluss h\u00f6herschwingender Wesenheiten, die uns Menschen in diesen Zeiten des Wandels unterst\u00fctzen, an.<\/li>\n<li><strong>Pers\u00f6nliche Fragen <\/strong>oder ein ahnendes \u201eDa ist noch etwas, aber ich kann es nicht formulieren\u201c k\u00f6nnen angeschaut und beleuchtet werden.<\/li>\n<li>Die Quelle bietet dabei einen neutralen, wertfreien Raum,<strong> in dem Eigenwahrnehmung und ehrliches Hinschauen <\/strong>zu sich selbst erleichtert werden.<\/li>\n<li><strong>Lebenspraktische Hinweise und konkrete Impulse <\/strong>unterst\u00fctzen die Umsetzung des Erkannten im Alltag.<\/li>\n<li>Eine <strong>halbst\u00fcndige Sitzung bei Anna ist f\u00fcr Teilnehmer der ganzen Woche im Preis inbegriffen<\/strong>. Dar\u00fcber hinausgehende Beratungen werden mit Sfr. 90.- pro Stunde ausgeglichen.<\/li>\n<\/ul>\n<\/li>\n<li><strong>Detaillierte Informationen \u00fcber die vielf\u00e4ltigen M\u00f6glichkeiten <\/strong>dieser heilenden Woche k\u00f6nnen Sie weiter unten nachlesen<\/li>\n<\/ul>\n<p>&nbsp;<\/p>\n<h3><strong>Organisatorisches \/ Seminarablauf:<\/strong><\/h3>\n<p><strong>&#8222;Die Stille ist die Quelle jeder grossen Kraft.&#8220; (F. M. Dostojewski)<\/strong><\/p>\n<p><strong>Wir treffen uns drei mal pro Tag:<\/strong><\/p>\n<ul>\n<li>Der Tag beginnt mit einer Stille-Meditation (im Sitzen oder Gehen) im Sinne der Kontemplation oder der Selbsterforschung\u00a0<strong>von 7.45 \u00a0bis ca. 8.45<\/strong>. Anschliessend ist gen\u00fcgend Zeit f\u00fcr ein leichtes, gesundes Fr\u00fchst\u00fcck.<\/li>\n<li>Wir treffen uns wieder <strong>von 10.00- ca. 12.30.\u00a0<\/strong>Die Mittagspause \u00a0dauert bis 15 Uhr.<\/li>\n<li><strong>Von 15.00 &#8211; 18.00<\/strong> Uhr kommen wir wieder zusammen.<\/li>\n<li>Der Abend ist frei\u00a0(Kochen und Verpflegung individuell und selber zu gestalten).<\/li>\n<li><strong>In der Mittagspause\u00a0und Abends <\/strong>k\u00f6nnen Sie f\u00fcr sich sein, mit anderen Teilnehmern vertiefende \u00dcbungen machen oder bei Anna vorbeischauen<\/li>\n<li><strong>Die kraft- und ruhespendende Umgebung l\u00e4dt zum tieferen Sein, Spazieren oder gem\u00fctlichen Verweilen ein.<\/strong><\/li>\n<\/ul>\n<p>&nbsp;<\/p>\n<h3><strong>Unterkunft und Verpflegung:<\/strong><\/h3>\n<ul>\n<li><strong>Vegetarische Pausenverpflegung, Kaffee und Tee <\/strong>ist im Retreatpreis<strong> inbegriffen. <\/strong><\/li>\n<li><strong>Die Unterkunft und die\u00a0Mahlzeiten <\/strong>sind\u00a0im\u00a0Wochenpreis\u00a0<strong>nicht inbegriffen.\u00a0<\/strong>\n<ul>\n<li>Das <strong>Fr\u00fchst\u00fcck <\/strong>kann gemeinsam eingenommen werden (jeder tr\u00e4gt nach Absprache seinen Teil dazu bei).\u00a0<strong>\u00a0<\/strong><\/li>\n<li><strong>Das Kochen und die Verpflegung ist individuell und selber zu gestalten. Kochgelegenheiten sind vorhanden<\/strong>.<\/li>\n<\/ul>\n<\/li>\n<li>Empfohlen wird eine Unterkunft <strong>im Haus zur Stille\u00a0<\/strong>(Platz 219)<strong> oder im Haus zur Mitte<\/strong>\u00a0(Platz 221) oder in B&amp;B&#8217;s in der N\u00e4he der Veranstaltung<\/li>\n<li><strong>Die Appartements und\u00a0Zimmer am Kraftort &#8222;platz440&#8220;\u00a0<\/strong>k\u00f6nnen Sie einsehen\n<ul>\n<li>unter\u00a0<strong><a href=\"http:\/\/www.raumfuersich.ch\/traeume-und-visionen\/\">raumfuersich221<\/a><\/strong>\u00a0 (&#8222;Tr\u00e4ume und Visionen&#8220;)<\/li>\n<li>und\u00a0<strong><a href=\"http:\/\/www.raumfuersich.ch\/herzoeffnung-sich-selber-sein\/\">raumfuersich219<\/a><\/strong>\u00a0( hier ist das Appartement &#8222;Urvertrauen-Ankommen ev. buchbar)<\/li>\n<li>Die Zimmer in der Dachwohnung k\u00f6nnen f\u00fcr die Veranstaltung leicht umgestaltet und<strong> auf Wunsch teilweise als kosteng\u00fcnstige Mehrbettzimmer angeboten werden. <\/strong><\/li>\n<li>Am letzten Tag der Veranstaltung sind vor dem ersten Zusammenkommen die Bettw\u00e4sche, die Handt\u00fccher und der Abfall zur Sammelstelle im Erdgeschoss zu bringen. Die Zimmer sind nach dem Fr\u00fchst\u00fcck ger\u00e4umt und besenrein zu hinterlassen.<\/li>\n<li>Bereits an dieser Stelle besten Dank f\u00fcr Ihre Mithilfe!<\/li>\n<\/ul>\n<\/li>\n<\/ul>\n<p><strong>Alle Teilnehmer erhalten <\/strong>auf den normalerweise g\u00fcltigen<strong> \u00dcbernachtungspreisen ca. 20 %<\/strong> <strong>Rabatt. <\/strong>Je nach Zimmerkategorien. So werden dann \u00dcbernachtungspreise ab ca. Sfr. 35.- ff. im Mehrbettzimmer m\u00f6glich. Einzelzimmer sind\u00a0nur beschr\u00e4nkt vorhanden. <strong>Eine definitive Einteilung der Zimmer erfolgt nach Absprache.<\/strong> Urs Held ist gerne beratend f\u00fcr Sie da. Auch f\u00fcr eine Unterkunft ausserhalb der Kraftquelle &#8222;platz440&#8220;.<\/p>\n<p>&nbsp;<\/p>\n<h4><strong>&#8222;Willst Du den Wandel, dann lebe den Wandel&#8220; \u00a0Mahatma Gandhi<\/strong><\/h4>\n<p><strong>! Anmeldung und Fragen an Urs Held \/ urs@ursheld.ch \/ 079 753 53 05 oder unter <a href=\"https:\/\/www.ursheld.ch\/ursheld\/kontakt-2\/\">&#8222;Kontakt&#8220;<\/a><\/strong><\/p>\n<h4><strong>! Urs Held freut sich auf Sie. <\/strong>In Einheit, Verbundenheit und Liebe; aus Freude und Weisheit die vom Herzen kommt.<\/h4>\n<hr \/>\n<h3><\/h3>\n<p><strong>Detaillierte Informationen:<\/strong><\/p>\n<h4>\u201eDie Wahrheit des eigenen Selbst als alleinige Realit\u00e4t zu erkennen, mit ihr zu verschmelzen und eins zu werden \u2013 das ist die einzige wahre Realisation\u201c \u00a0\u00a0(Ramana Maharshi)<\/h4>\n<p><strong>A: &#8222;Erkenne dich selbst&#8220; &#8211; aus der Eingrenzung des Ich in die Wirklichkeit des Selbst<\/strong><\/p>\n<ul>\n<li>Bei sich selber ankommen &#8211; Reise in die Unendlichkeit des g\u00f6ttlichen Urgrundes &#8211; Entdeckung der Wirklichkeit<\/li>\n<li>Sie erhalten Antworten zu den Fragen &#8222;wer bin ich?&#8220; &#8211; &#8222;warum bin ich hier?&#8220; &#8211; &#8222;wohin gehe ich?&#8220;<\/li>\n<li>Sich selber als Liebe und Licht, Gl\u00fcck und Freude, Frieden und F\u00fclle erfahren<\/li>\n<li>Wir wenden verschiedene Methodenelemente aus Advaita, ZEN, Kontemplation und den sieben Schritten zum Aufwachen nach Christian Meyer an<\/li>\n<li><strong>Diese Ebene ist f\u00fcr alle geeignet, die sich nach Transzendenz-Erfahrungen, Mystik und spirituellem Erwachen \/ Aufwachen sehnen<\/strong><\/li>\n<\/ul>\n<p>&nbsp;<\/p>\n<h4>&#8222;Wahre Heilung kann nur mit dem spirituellen Erwachen geschehen&#8220; (Eckhart Tolle)<\/h4>\n<p><strong>B: &#8222;Sei was du bist&#8220; &#8211; heile Dich selbst (Selbstheilung)<\/strong><\/p>\n<ul>\n<li><strong>Selbstheilung<\/strong> mit dem Ziel vollkommenere Gesundheit und Wohlbefinden auf k\u00f6rperlicher, mentaler, emotionaler und geistiger Ebene<\/li>\n<li><strong>HeilerIn: Heile Dich Selbst<\/strong> &#8211; Du arbeitest bereits als Heiler oder Heilerin und m\u00f6chtest Dich weiter entfalten?<\/li>\n<li>Du hast das Gef\u00fchl oder die Sehnsucht, <strong>Deine Heilkr\u00e4fte f\u00fcr Dich und andere zu \u00f6ffnen?<\/strong><\/li>\n<li>Urs Held wendet verschiedene energetische Heilweisen und Bereiche aus der Bewusstseins- und Informationsfeldmedizin an. Durch R\u00fcck-Verbindung ans g\u00f6ttliche Ursprungsfeld kann Heilung geschehen und ein R\u00fcck-Erinnern an verborgene Heilf\u00e4higkeiten wird m\u00f6glich.<\/li>\n<li>Eckhart Tolle: &#8222;Die Kunst, des inneren K\u00f6rpers gewahr zu sein, wird sich zu einer ganz neuen Lebensweise entwickeln. Einem Zustand st\u00e4ndiger Verbundenheit mit dem Sein. Das wird Deinem Leben eine bisher nie gekannte Tiefe verleihen.&#8220;<\/li>\n<li><strong>Diese Ebene ist f\u00fcr alle geeignet, die sich nach Heilung, Gesundheit und Wohlbefinden sehnen oder selber als HeilerIn t\u00e4tig sind oder sich ganz generell zum Heilen hingezogen f\u00fchlen<\/strong><\/li>\n<\/ul>\n<p>&nbsp;<\/p>\n<h4>&#8222;Reines Bewusstsein ist Dein wahres Potenzial &#8211; entdecke und lebe es&#8220; (Deepak Chopra)<\/h4>\n<p><strong>C: &#8222;H\u00f6re auf dein Herz&#8220; &#8211; entdecke deine Bestimmung (ein Teil davon ist deine Berufung) &#8211; entfalte, entwickle und lebe dein g\u00f6ttliches Potenzial<\/strong><\/p>\n<ul>\n<li><strong>Reise zu sich selbst:<\/strong> wahres Potenzial entdecken, entfalten und anwenden, individuelle Standortbestimmung gem\u00e4ss Lebensrad, Kl\u00e4rung von eigenem Status, Anerkennung\/Erfolg, mehr Einfachheit u.a.<\/li>\n<li><strong>Verzauberung im Sinne von Staunen:<\/strong> Erfahrungen von \u00dcbersinnlichem, Paranormales, Magisches<\/li>\n<li>Wir wenden <strong>Integrales Mind Training<\/strong> (Elemente aus Achtsamkeitsmeditationen &#8211; Selbsthypnose &#8211; Quantenheilung &#8211; Entspannungstechniken &#8211; K\u00f6rperarbeit &#8211; Energiearbeit &#8211; Bewusstseinsentwicklungsprozesse und Gestalttherapie) an<\/li>\n<li>Diese Ebene ist f\u00fcr alle geeignet, die sich danach sehnen, Ihren eigenen Herzensweg zu entdecken und ihre Visionen und Lebenstr\u00e4ume verwirklichen wollen<\/li>\n<\/ul>\n<p>&nbsp;<\/p>\n<h4>&#8222;Unsere wesentlichen Probleme k\u00f6nnen wir nicht mit derselben Denkweise l\u00f6sen, mit der wir sie verursacht haben&#8220; (Albert Einstein)<\/h4>\n<p><strong>D: &#8222;JA! zum Leben &#8211; JA! zu Dir &#8211; JA! zu meiner tiefsten Lebensaufgabe&#8220; <\/strong><\/p>\n<p><strong>Ohne Verstrickungen ein freies und gl\u00fcckliches Leben leben<\/strong><\/p>\n<ul>\n<li><strong>Festigkeit:<\/strong> Orientierung, Hilfestellung in der Lebensf\u00fchrung, Strukturierung des Alltags, Bestimmtheit und Klarheit;<\/li>\n<li><strong>Gemeinschaft:<\/strong> meine Rolle im sozialen Bezugssystem, &#8222;Ethik der Liebe&#8220;<\/li>\n<li>Wir wenden verschiedene Formen der Aufstellungsarbeit aus der Stille \u00fcber die Bewegung der Seele und des Geistes an. Eine geheilte Ahnenreihe, Ihr richtiger Platz in den Systemen, Klarheit in ihren Lebensthemen und eine kosmische R\u00fcckverbindung zur ersten Inkarnation ihrer Seele sind grossartige Voraussetzungen f\u00fcr ein erf\u00fclltes Leben.<\/li>\n<li><strong>Diese Ebene ist f\u00fcr alle geeignet, die sich nach einem freien und gl\u00fccklichen Leben ohne Verstrickungen sehnen<\/strong><\/li>\n<\/ul>\n<p>&nbsp;<\/p>\n<h3>Pers\u00f6nliche Vorlieben und Resonanzen:<\/h3>\n<ul>\n<li><strong>Sie bestimmen selber,<\/strong> in welchem Bereich sie sich mehrheitlich aufhalten und wandeln wollen.<\/li>\n<li><strong>Der innere und der \u00e4ussere Raum f\u00fcr diese Individualit\u00e4t ist in der Gruppe von max. 12 TeilnehmerInnen gegeben.<\/strong><\/li>\n<li>Durch die Pr\u00e4senz, die Erfahrung und das integrale Wirken von Urs Held <strong>werden Sie auf allen Ebenen Ihres Seins ber\u00fchrt<\/strong> und <strong>erfahren Heilung auf verschiedenen Ebenen. <\/strong><\/li>\n<li><strong>Die Wandlung<\/strong> von personalem, mentalen Bewusstsein <strong>zu transpersonalem, transmentalen Bewusstsein bis hin zumAufwachen<\/strong> kann geschehen.<\/li>\n<li>Spirituelle Herz\u00f6ffnung, \u00a0Selbstheilungskr\u00e4fte und Intuition kommen so wie von alleine zur Wirkungskraft.<\/li>\n<li><strong>Jeder TeilnehmerIn erh\u00e4lt w\u00e4hrend den Gruppensettings immer wieder verschiedene kurze, wirksame Heilungen in seinem Energie- und Informationsfeld.\u00a0<\/strong><\/li>\n<\/ul>\n<p>&nbsp;<\/p>\n<ul>\n<li><strong>Sie entdecken<\/strong> unter Anleitung oder direkt aus Ihrer eigenen inneren Weisheit <strong>immer tiefer ihr wahres g\u00f6ttliches Sein<\/strong> und <strong>Ihre eigenen Schl\u00fcssel zu einem wahrhaften und gl\u00fccklichen Leben.<\/strong><\/li>\n<li>Gruppenheilungen, integral wirkende \u00dcbungen in Form von Selbsterfahrung aus verschiedenen spirituellen Richtungen (Advaita, Kontemplation, ZEN), systemisches Coaching, verschiedenen Heilmethoden und Systemaufstellungen aus der Bewegung der Seele und des Geistes finden t\u00e4glich statt.<\/li>\n<li><strong>Ein f\u00fcr einander da sein<\/strong> in kleinen Gruppen <strong>potenziert den Wandlungsprozess. Selbsterkenntnis und Heilung in immer tieferen Schichten runden den pers\u00f6nlichen Wandel ab.<\/strong><\/li>\n<\/ul>\n<p>&nbsp;<\/p>\n<ul>\n<li><strong>Bringen Sie Mut, Offenheit und Hingabe, Gelassenheit und Neugier, Freude und Pr\u00e4senz mit<\/strong>. Wandlung kann dann wie von alleine geschehen.<\/li>\n<li><strong>Es geht hier wirklich um das &#8222;lassen&#8220;. Das radikale loslassen des trennenden Ich<\/strong>.\n<ul>\n<li>Nur so geschieht wahre Heilung am Ursprung und Einheit, Verbundenheit und Liebe f\u00fcr das was ist, wird erfahren.<\/li>\n<li>Nur so erkennen auch Sie, dass alles was sie sich w\u00fcnschen, auf einer tieferen Ebene schon da ist.<\/li>\n<li><strong>Nur so fallen auch sie aus der Eingrenzung des Ich in die Wirklichkeit des Selbst und damit in das unmittelbare Leben. <\/strong><\/li>\n<li><strong>Direkt in den Alltag. <\/strong>So wie er sich Ihnen<strong> neu <\/strong>zeigen wird.<\/li>\n<\/ul>\n<\/li>\n<\/ul>\n<p>&nbsp;<\/p>\n<ul>\n<li><strong>Das heilende Feld der R\u00e4ume und Umgebung wird Heilung und Erkenntnis auch auf tieferen Ebenen unterst\u00fctzen<\/strong> und sich auf die gesamte Gruppe \u00fcbertragen. <strong>Vertiefende Einzelsitzungen<\/strong>\u00a0k\u00f6nnen bei Urs Held oder Anna Grzimek abends oder \u00fcber Mittag gebucht werden.<\/li>\n<\/ul>\n<p>&nbsp;<\/p>\n<h4><strong>&#8222;Willst Du den Wandel, dann lebe den Wandel&#8220; \u00a0Mahatma Gandhi<\/strong><\/h4>\n<p><strong>! Anmeldung und Fragen an Urs Held \/ urs@ursheld.ch \/ 079 753 53 05 oder unter <a href=\"https:\/\/www.ursheld.ch\/ursheld\/kontakt-2\/\">&#8222;Kontakt&#8220;<\/a><\/strong><\/p>\n<h4><strong>! Urs Held freut sich auf Sie. <\/strong>In Einheit, Verbundenheit und Liebe; aus Freude und Weisheit die vom Herzen kommt.<\/h4>\n<p>&nbsp;<\/p>\n","protected":false},"excerpt":{"rendered":"<p>Aufwachen . Heilen . Pers\u00f6nlichkeitswandel . Potenzialentfaltung . Tr\u00e4ume . Visionen . JA! zum Leben &#8222;Befreie dich, befreie dich vollkommen, bis die Frage nach der Befreiung in dir schwindet. Fliesse, [&hellip;]<\/p>\n","protected":false},"author":2,"featured_media":3351,"template":"","meta":{"_tribe_events_status":"","_tribe_events_status_reason":"","footnotes":""},"tags":[],"tribe_events_cat":[27],"class_list":["post-3485","tribe_events","type-tribe_events","status-publish","has-post-thumbnail","hentry","tribe_events_cat-retreat","cat_retreat"],"_links":{"self":[{"href":"https:\/\/www.ursheld.ch\/ursheld\/wp-json\/wp\/v2\/tribe_events\/3485","targetHints":{"allow":["GET"]}}],"collection":[{"href":"https:\/\/www.ursheld.ch\/ursheld\/wp-json\/wp\/v2\/tribe_events"}],"about":[{"href":"https:\/\/www.ursheld.ch\/ursheld\/wp-json\/wp\/v2\/types\/tribe_events"}],"author":[{"embeddable":true,"href":"https:\/\/www.ursheld.ch\/ursheld\/wp-json\/wp\/v2\/users\/2"}],"version-history":[{"count":94,"href":"https:\/\/www.ursheld.ch\/ursheld\/wp-json\/wp\/v2\/tribe_events\/3485\/revisions"}],"predecessor-version":[{"id":7551,"href":"https:\/\/www.ursheld.ch\/ursheld\/wp-json\/wp\/v2\/tribe_events\/3485\/revisions\/7551"}],"wp:featuredmedia":[{"embeddable":true,"href":"https:\/\/www.ursheld.ch\/ursheld\/wp-json\/wp\/v2\/media\/3351"}],"wp:attachment":[{"href":"https:\/\/www.ursheld.ch\/ursheld\/wp-json\/wp\/v2\/media?parent=3485"}],"wp:term":[{"taxonomy":"post_tag","embeddable":true,"href":"https:\/\/www.ursheld.ch\/ursheld\/wp-json\/wp\/v2\/tags?post=3485"},{"taxonomy":"tribe_events_cat","embeddable":true,"href":"https:\/\/www.ursheld.ch\/ursheld\/wp-json\/wp\/v2\/tribe_events_cat?post=3485"}],"curies":[{"name":"wp","href":"https:\/\/api.w.org\/{rel}","templated":true}]}}