{"id":3511,"date":"2017-12-12T14:38:25","date_gmt":"2017-12-12T13:38:25","guid":{"rendered":"https:\/\/www.ursheld.ch\/ursheld\/?post_type=tribe_events&#038;p=3511"},"modified":"2018-11-22T19:38:44","modified_gmt":"2018-11-22T18:38:44","slug":"sat-sang-aufwachen-heilung-freiheit-sich-selber-sein-8","status":"publish","type":"tribe_events","link":"https:\/\/www.ursheld.ch\/ursheld\/event\/sat-sang-aufwachen-heilung-freiheit-sich-selber-sein-8\/","title":{"rendered":"Vom Ur- Sprung! ins pure Leben"},"content":{"rendered":"<p><strong>Erwachen.<\/strong><\/p>\n<p>&nbsp;<\/p>\n<p>Unendlicher, zeitloser Raum.<br \/>\nNichts wollen.\u00a0Nichts m\u00fcssen.<br \/>\nSich ausliefern.\u00a0Geschehen lassen.\u00a0Hingabe.<br \/>\nOhne Geschichte da Sein.\u00a0Da bleiben.<br \/>\n<strong>Stille.<\/strong><\/p>\n<p>&nbsp;<\/p>\n<p>Ungekl\u00e4rtes kommt ans Licht.<br \/>\nL\u00f6sungen tauchen auf. Wandlung geschieht aus dem Nichts.<br \/>\nHinein in die Pr\u00e4senz. Und dar\u00fcber hinaus.<br \/>\n<strong>Frieden.<\/strong><\/p>\n<p>&nbsp;<\/p>\n<p>Ein Raum, in dem es nichts zu erreichen gibt.<br \/>\nSich Selbst erkennen, erfahren, entfalten.<br \/>\nWach. Absichtslos. Versunken.<br \/>\n<strong>Freiheit.<\/strong><\/p>\n<p>&nbsp;<\/p>\n<p>Angenommen in Liebe &#8211; Liebe Sein.<br \/>\nZentriert in der Leere &#8211; Leere Sein.<br \/>\nAusgerichtet im Sein &#8211; Bewusst Sein.<br \/>\n<strong>Gewahrsein.<\/strong><\/p>\n<p>&nbsp;<\/p>\n<p>Sich dem Leben zur Verf\u00fcgung stellen.<br \/>\nHandeln ohne einen Handelnden.<br \/>\nAus sich Selbst heraus.<br \/>\nExistenz feiern.<br \/>\n<strong>Leben pur.<\/strong><\/p>\n<p>&nbsp;<\/p>\n<p>&nbsp;<\/p>\n<p><strong>Wir begleiten Dich.<\/strong><br \/>\nAls Urs und als Anna.<br \/>\nAls Mann und als Frau.<br \/>\nRaum\u00f6ffnend. Raumhaltend.<br \/>\nInspirierend f\u00fcr Dich selber zu schauen<br \/>\nAls ErInnerer Deines wahren Wesens.<br \/>\nAls Geburtshelfer f\u00fcr das, was durch Dich ins Leben will.<\/p>\n<p>&nbsp;<\/p>\n<p>&nbsp;<\/p>\n<p><strong>begleitende Instrumente k\u00f6nnen sein:<br \/>\n<\/strong>Selbstergr\u00fcndung \u00a0. \u00a0Integrales Heilen \u00a0. \u00a0Selbsterfahrung \u00a0. \u00a0Systemaufstellungen \u00fcber die Bewegung der Seele und des Geistes \u00a0. \u00a0Channeling \u00a0. \u00a0Intuition und Medialit\u00e4t . K\u00f6rper- und Atemwahrnehmung . Spirituelles Enneagramm &gt; Neun Farben der Stille \u2013 Neun Pfade der Befreiung Nomen est Omen &gt; das Wesen deines Rufnamens . Numerologie &gt; Schicksal als Weg \u2013 verk\u00f6rpere dein Potenzial<\/p>\n<p>&nbsp;<\/p>\n<p><strong>\u00a0<\/strong><\/p>\n<p><strong>Teilnahmegeb\u00fchren f\u00fcr das Wochenende:<\/strong><\/p>\n<ul>\n<li>Freitag Abend bis Sonntag \u00a0 Sfr. 330.-<\/li>\n<li>Freitag Abend bis Montag \u00a0 \u00a0Sfr. 440.-<\/li>\n<\/ul>\n<p>&nbsp;<\/p>\n<p>&nbsp;<\/p>\n<p><strong>Anmeldung:\u00a0\u00a0\u00a0 Urs Held<\/strong><\/p>\n<p><strong>\u00a0<\/strong><\/p>\n<p><strong>\u00a0\u00a0\u00a0\u00a0\u00a0\u00a0\u00a0\u00a0\u00a0\u00a0\u00a0 \u00a0\u00a0\u00a0\u00a0\u00a0\u00a0\u00a0\u00a0\u00a0\u00a0\u00a0 Anna Grzimek<\/strong><\/p>\n<p><strong>\u00a0<\/strong><\/p>\n<p><strong>\u00a0\u00a0\u00a0\u00a0\u00a0\u00a0\u00a0\u00a0\u00a0\u00a0\u00a0\u00a0\u00a0\u00a0\u00a0\u00a0\u00a0\u00a0\u00a0\u00a0\u00a0\u00a0 www.raumfuersich.ch<\/strong><\/p>\n<p>&nbsp;<\/p>\n<h3><\/h3>\n<h3><strong>&#8222;Nur die Stille ist die Quelle jeder grossen Kraft.&#8220; (F. M. Dostojewski)<\/strong><\/h3>\n<h4><strong>Organisatorisches \/ Seminarablauf:<\/strong><\/h4>\n<p><strong>Freitag Abend <\/strong>Satsang von <strong>19 bis 21 Uhr<\/strong><\/p>\n<p><strong>Am Samstag treffen wir uns drei mal.<\/strong>\u00a0Der Tag beginnt mit heilendem Yoga, Selbstergr\u00fcndung oder einer Stille-Meditation (im Sitzen oder Gehen) im Sinne der Kontemplation <strong>von 8.00 bis ca. 8.45<\/strong>. Anschliessend kann man sich ein leichtes Fr\u00fchst\u00fcck genehmigen. Wir treffen uns wieder <strong>von 9.45-12.15.\u00a0<\/strong>Die Mittagspause \u00a0ist von ca. 12.15 bis 15Uhr (Kochen und Verpflegung individuell und selber zu gestalten. Kochgelegenheiten vorhanden). <strong>Von 15.00 &#8211; 18.30<\/strong> Uhr kommen wir wieder zusammen. Der Abend ist frei\u00a0(Kochen und Verpflegung individuell und selber zu gestalten). <strong>In der Mittagspause\u00a0und Abends k\u00f6nnen Sie f\u00fcr sich sein oder mit anderen Teilnehmern vertiefende \u00dcbungen machen.\u00a0<\/strong>Urs Held steht Ihnen in diesen Zeiten nach Absprache und Verf\u00fcgbarkeit auch f\u00fcr erg\u00e4nzende Einzelsitzungen zur Verf\u00fcgung. <strong>Die kraft- und ruhespendende Umgebung l\u00e4dt zum Spazieren oder Verweilen ein.<\/strong><\/p>\n<p><strong>Am Sonntag treffen wir uns drei mal<\/strong>.\u00a0Der Tag beginnt mit einer Stille-Meditation (im Sitzen oder Gehen) im Sinne der Kontemplation <strong>von 8.00 bis ca. 8.45<\/strong>. Anschliessend kann man sich \u00a0ein leichtes Fr\u00fchst\u00fcck genehmigen. Wir treffen uns wieder <strong>von 10.15 bis 16.30 Uhr. <\/strong>Ca. 12.30 wird es eine dreiviertelst\u00fcndige Kaffee- und Teepause mit Snacks geben.<\/p>\n<p><strong>Der\u00a0Montag gilt\u00a0als Verl\u00e4ngerungstag und wir treffen wir uns zwei mal<\/strong>. Der Tag beginnt mit heilendem Yoga, Selbstergr\u00fcndung oder einer Stille-Meditation (im Sitzen oder Gehen) im Sinne der Kontemplation <strong>von 8.00 bis ca. 8.45<\/strong>. Anschliessend kann man sich \u00a0ein leichtes Fr\u00fchst\u00fcck genehmigen. Wir treffen uns wieder <strong>von 10.00 bis ca. 13.30 Uhr. <\/strong>Ca. 12.00 wird es eine kurze Kaffee- und Teepause mit Snacks geben.<\/p>\n<h4><\/h4>\n<h4><strong>Unterkunft und Verpflegung:<\/strong><\/h4>\n<p><strong>Kaffee, Tee und Pausenverpflegung ist im Preis inbegriffen. <\/strong>Die Unterkunft nicht inbegriffen. Empfohlen wird eine Unterkunft <strong>im Haus zur Stille\u00a0<\/strong>(Platz 219)<strong> oder im Haus zur Mitte<\/strong>\u00a0(Platz 221) oder in B&amp;B&#8217;s in der N\u00e4he des Seminarortes.<\/p>\n<p><strong>Die Appartements und\u00a0Zimmer <\/strong>(K\u00fcchen vorhanden) k\u00f6nnen Sie einsehen unter<strong> <a href=\"http:\/\/www.raumfuersich.ch\/traeume-und-visionen\/\">raumfuersich221<\/a>\u00a0<\/strong>und<strong> <a href=\"http:\/\/www.raumfuersich.ch\/herzoeffnung-sich-selber-sein\/\">raumfuersich219<\/a>. Die Zimmer werden f\u00fcr das Retreat leicht umgestaltet und k\u00f6nnen auf Wunsch teilweise als kosteng\u00fcnstige Mehrbettzimmer angeboten. <\/strong>Am Sonntagmorgen sind vor 10.30 Uhr, die Bettw\u00e4sche, die Handt\u00fccher und der Abfall zur Sammelstelle zu bringen. Die Zimmer sind ger\u00e4umt und besenrein zu hinterlassen. Bereits hier besten Dank f\u00fcr Ihre Mithilfe.<\/p>\n<p><strong>Alle Teilnehmer erhalten <\/strong>auf den normalerweise g\u00fcltigen<strong> \u00dcbernachtungspreisen ca. 10 %<\/strong> <strong>Rabatt. <\/strong>Je nach Zimmerkategorien. So werden dann \u00dcbernachtungspreise ab ca. Sfr. 40.- ff. im Mehrbettzimmer m\u00f6glich. Einzelzimmer sind\u00a0nur beschr\u00e4nkt vorhanden. <strong>Eine definitive Einteilung der Zimmer erfolgt bis zum Verantstaltungsbeginn.<\/strong> Urs Held nimmt mit Freude Ihre W\u00fcnsche entgegen und ist gerne beratend f\u00fcr Sie da. Auch f\u00fcr eine Unterkunft ausserhalb des Zentrums &#8222;Kraftquelle Platz 440&#8220;.<\/p>\n<p>&nbsp;<\/p>\n<p><strong>Urs Held freut sich auf Sie. In Einheit, Verbundenheit und Liebe.<\/strong><\/p>\n<p>&nbsp;<\/p>\n<p><strong>! Anmeldung und Fragen an Urs Held \/ urs@ursheld.ch \/ 079 753 53 05 oder unter <a href=\"https:\/\/www.ursheld.ch\/ursheld\/kontakt-2\/\">&#8222;Kontakt&#8220;<\/a><\/strong><\/p>\n<p>&nbsp;<\/p>\n<p><strong>M\u00f6gliche Themen f\u00fcr Dich:<\/strong><\/p>\n<h3>\u201eDie Wahrheit des eigenen Selbst als alleinige Realit\u00e4t zu erkennen, mit ihr zu verschmelzen und eins zu werden \u2013 das ist die einzige wahre Realisation\u201c \u00a0\u00a0(Ramana Maharshi)<\/h3>\n<p><strong>A: &#8222;Erkenne dich selbst&#8220; &#8211; aus der Eingrenzung des Ich in die Wirklichkeit des Selbst (Aufwachen)<\/strong><\/p>\n<ul>\n<li>Bei sich selber ankommen &#8211; Reise in die Unendlichkeit des g\u00f6ttlichen Urgrundes &#8211; Entdeckung der Wirklichkeit<\/li>\n<li>Sie erhalten Antworten zu den Fragen &#8222;wer bin ich?&#8220; &#8211; &#8222;warum bin ich hier?&#8220; &#8211; &#8222;wohin gehe ich?&#8220;<\/li>\n<li>Sich selber als Liebe und Licht, Gl\u00fcck und Freude, Frieden und F\u00fclle erfahren<\/li>\n<li>Wir wenden verschiedene Methodenelemente aus Advaita, ZEN, Kontemplation und den sieben Schritten zum Aufwachen nach Christian Meyer an<\/li>\n<li><strong>Diese Ebene ist f\u00fcr alle geeignet, die sich nach Transzendenz-Erfahrungen, Mystik und spirituellem Erwachen \/ Aufwachen sehnen<\/strong><\/li>\n<\/ul>\n<p>&nbsp;<\/p>\n<h3>&#8222;Wahre Heilung kann nur mit dem spirituellen Erwachen geschehen&#8220; (Eckhart Tolle)<\/h3>\n<p><strong>B: &#8222;Sei was du bist&#8220; &#8211; heile Dich selbst (Selbstheilung)<\/strong><\/p>\n<ul>\n<li><strong>Selbstheilung<\/strong> mit dem Ziel vollkommenere Gesundheit und Wohlbefinden auf k\u00f6rperlicher, mentaler, emotionaler und geistiger Ebene<\/li>\n<li><strong>HeilerIn: Heile Dich Selbst<\/strong> &#8211; Du arbeitest bereits als Heiler oder Heilerin und m\u00f6chtest Dich weiter entfalten?<\/li>\n<li>Du hast das Gef\u00fchl oder die Sehnsucht, <strong>Deine Heilkr\u00e4fte f\u00fcr Dich und andere zu \u00f6ffnen?<\/strong><\/li>\n<li>Urs Held wendet verschiedene energetische Heilweisen und Bereiche aus der Bewusstseins- und Informationsfeldmedizin an. Durch R\u00fcck-Verbindung ans g\u00f6ttliche Ursprungsfeld kann Heilung geschehen und ein R\u00fcck-Erinnern an verborgene Heilf\u00e4higkeiten wird m\u00f6glich.<\/li>\n<li>Eckhart Tolle: &#8222;Die Kunst, des inneren K\u00f6rpers gewahr zu sein, wird sich zu einer ganz neuen Lebensweise entwickeln. Einem Zustand st\u00e4ndiger Verbundenheit mit dem Sein. Das wird Deinem Leben eine bisher nie gekannte Tiefe verleihen.&#8220;<\/li>\n<li><strong>Diese Ebene ist f\u00fcr alle geeignet, die sich nach Heilung, Gesundheit und Wohlbefinden sehnen oder selber als HeilerIn t\u00e4tig sind oder sich ganz generell zum Heilen hingezogen f\u00fchlen<\/strong><\/li>\n<\/ul>\n<p>&nbsp;<\/p>\n<h3>&#8222;Reines Bewusstsein ist Dein wahres Potenzial &#8211; entdecke und lebe es&#8220; (Deepak Chopra)<\/h3>\n<p><strong>C: &#8222;H\u00f6re auf dein Herz&#8220; &#8211; entdecke deine Lebensaufgabe &#8211; entfalte, entwickle und lebe dein g\u00f6ttliches Potenzial<\/strong><\/p>\n<ul>\n<li><strong>Reise zu sich selbst:<\/strong> wahres Potenzial entdecken, entfalten und anwenden, individuelle Standortbestimmung gem\u00e4ss Lebensrad, Kl\u00e4rung von eigenem Status, Anerkennung\/Erfolg, mehr Einfachheit u.a.<\/li>\n<li><strong>Verzauberung im Sinne von Staunen:<\/strong> Erfahrungen von \u00dcbersinnlichem, Paranormales, Magisches<\/li>\n<li>Wir wenden <strong>Integrales Mind Training<\/strong> (Elemente aus Achtsamkeitsmeditationen &#8211; Selbsthypnose &#8211; Quantenheilung &#8211; Entspannungstechniken &#8211; K\u00f6rperarbeit &#8211; Energiearbeit &#8211; Bewusstseinsentwicklungsprozesse und Gestalttherapie) an<\/li>\n<li>Diese Ebene ist f\u00fcr alle geeignet, die sich danach sehnen, Ihren eigenen Herzensweg zu entdecken und ihre Visionen und Lebenstr\u00e4ume verwirklichen wollen<\/li>\n<\/ul>\n<p>&nbsp;<\/p>\n<h3>&#8222;Unsere wesentlichen Probleme k\u00f6nnen wir nicht mit derselben Denkweise l\u00f6sen, mit der wir sie verursacht haben&#8220; (Albert Einstein)<\/h3>\n<p><strong>D: &#8222;JA! zum Leben &#8211; JA! zu Dir&#8220; &#8211; ohne Verstrickungen ein freies und gl\u00fcckliches Leben leben<\/strong><\/p>\n<ul>\n<li><strong>Festigkeit:<\/strong> Orientierung, Hilfestellung in der Lebensf\u00fchrung, Strukturierung des Alltags, Bestimmtheit und Klarheit;<\/li>\n<li><strong>Gemeinschaft:<\/strong> meine Rolle im sozialen Bezugssystem, &#8222;Ethik der Liebe&#8220;<\/li>\n<li>Wir wenden <strong>verschiedene Formen der Aufstellungsarbeit \u00fcber die Bewegung der Seele und des Geistes<\/strong> an. Eine geheilte Ahnenreihe, Ihr richtiger Platz in den Systemen und eine kosmische R\u00fcckverbindung zur ersten Inkarnation ihrer Seele sind grossartige Voraussetzungen f\u00fcr ein erf\u00fclltes Leben.<\/li>\n<li><strong>Diese Ebene ist f\u00fcr alle geeignet, die sich nach einem freien und gl\u00fccklichen Leben ohne Verstrickungen sehnen<\/strong><\/li>\n<\/ul>\n<p>&nbsp;<\/p>\n<h4><strong>Pers\u00f6nliche Vorlieben und Resonanzen:<\/strong><\/h4>\n<p><strong>Sie bestimmen selber,<\/strong> in welchem Bereich sie sich mehrheitlich aufhalten und wandeln wollen. <strong>Der innere und der \u00e4ussere Raum f\u00fcr diese Individualit\u00e4t ist in der Gruppe von max. 12 TeilnehmerInnen gegeben.<\/strong> Durch die Pr\u00e4senz, die Erfahrung und das integrale Wirken von Urs Held werden Sie auf allen Ebenen Ihres Seins ber\u00fchrt und erfahren Heilung auf verschiedenen Ebenen. Ihre Selbstheilungskr\u00e4fte, Intuition und Herz\u00f6ffnung kommen so wie von alleine zur Wirkungskraft. <strong>Jeder TeilnehmerIn erh\u00e4lt w\u00e4hrend des Gruppensettings verschiedene kurze, wirksame Heilungen in seinem Energie- und Informationsfeld.\u00a0<\/strong><\/p>\n<p>&nbsp;<\/p>\n<p><strong>Sie entdecken<\/strong>\u00a0(anfangs unter Anleitung) direkt aus Ihrer eigenen inneren Weisheit <strong>Ihren eigenen Schl\u00fcssel zu einem wahrhaften und gl\u00fccklichen Leben.<\/strong> Gruppenheilungen, integral wirkende \u00dcbungen in Form von Selbsterfahrung aus verschiedenen spirituellen Richtungen (Advaita, Kontemplation, ZEN), systemisches Coaching, verschiedenen Heilmethoden und Systemaufstellungen aus der Bewegung der Seele und des Geistes finden t\u00e4glich statt. Ein f\u00fcr einander da sein in kleinen Gruppen <strong>potenziert den Wandlungsprozess. Selbsterkenntnis und Heilung in immer tieferen Schichten runden den pers\u00f6nlichen Wandel ab.<\/strong><\/p>\n<p>&nbsp;<\/p>\n<p><strong>Bringen Sie Mut, Offenheit und Hingabe, Gelassenheit und Neugier, Freude und Pr\u00e4senz mit<\/strong>. Wandlung wird dann wie von alleine geschehen. <strong>Es geht hier wirklich um das &#8222;lassen&#8220;. Das radikale loslassen des trennenden Ich<\/strong>. Nur so geschieht wahre Heilung am Ursprung und Einheit, Verbundenheit und Liebe f\u00fcr das was ist, wird erfahren. Nur so erkennen auch Sie, dass alles was sie sich w\u00fcnschen, auf einer tieferen Ebene schon da ist. <strong>Nur so fallen auch sie aus der Eingrenzung des Ich in die Wirklichkeit des Selbst und damit in das unmittelbare Leben. Direkt in den Alltag. <\/strong>So wie er sich Ihnen<strong> neu <\/strong>zeigen wird.<\/p>\n<p>&nbsp;<\/p>\n<p><strong>Das heilende Feld der R\u00e4ume und Umgebung wird Heilung und Erkenntnis auch auf tieferen Ebenen unterst\u00fctzen<\/strong> und sich auf die gesamte Gruppe \u00fcbertragen. <strong>Vertiefende Einzelsitzungen<\/strong> (Systemisches Coaching, integrales Heilen und spirituell-psychologisch orientierte Therapie) k\u00f6nnen bei Urs Held abends oder \u00fcber Mittag gebucht werden.<\/p>\n<p>&nbsp;<\/p>\n<p><strong>! Anmeldung und Fragen an Urs Held \/ urs@ursheld.ch \/ 079 753 53 05 oder unter <a href=\"https:\/\/www.ursheld.ch\/ursheld\/kontakt-2\/\">&#8222;Kontakt&#8220;<\/a><\/strong><\/p>\n<p>&nbsp;<\/p>\n<h3>&#8222;Es gibt weder Sch\u00f6pfung noch Zerst\u00f6rung, weder Schicksal noch freien Willen, weder einen Weg noch ein Ankommen. <em>Das ist die endg\u00fcltige Wahrheit.<\/em>&#8220;\u00a0 \u00a0(Ramana Maharshi)<\/h3>\n<p>&nbsp;<\/p>\n","protected":false},"excerpt":{"rendered":"<p>Erwachen. &nbsp; Unendlicher, zeitloser Raum. Nichts wollen.\u00a0Nichts m\u00fcssen. Sich ausliefern.\u00a0Geschehen lassen.\u00a0Hingabe. Ohne Geschichte da Sein.\u00a0Da bleiben. Stille. &nbsp; Ungekl\u00e4rtes kommt ans Licht. L\u00f6sungen tauchen auf. Wandlung geschieht aus dem Nichts. [&hellip;]<\/p>\n","protected":false},"author":2,"featured_media":3351,"template":"","meta":{"_tribe_events_status":"","_tribe_events_status_reason":"","footnotes":""},"tags":[],"tribe_events_cat":[51],"class_list":["post-3511","tribe_events","type-tribe_events","status-publish","has-post-thumbnail","hentry","tribe_events_cat-sat-sang","cat_sat-sang"],"_links":{"self":[{"href":"https:\/\/www.ursheld.ch\/ursheld\/wp-json\/wp\/v2\/tribe_events\/3511","targetHints":{"allow":["GET"]}}],"collection":[{"href":"https:\/\/www.ursheld.ch\/ursheld\/wp-json\/wp\/v2\/tribe_events"}],"about":[{"href":"https:\/\/www.ursheld.ch\/ursheld\/wp-json\/wp\/v2\/types\/tribe_events"}],"author":[{"embeddable":true,"href":"https:\/\/www.ursheld.ch\/ursheld\/wp-json\/wp\/v2\/users\/2"}],"version-history":[{"count":32,"href":"https:\/\/www.ursheld.ch\/ursheld\/wp-json\/wp\/v2\/tribe_events\/3511\/revisions"}],"predecessor-version":[{"id":5063,"href":"https:\/\/www.ursheld.ch\/ursheld\/wp-json\/wp\/v2\/tribe_events\/3511\/revisions\/5063"}],"wp:featuredmedia":[{"embeddable":true,"href":"https:\/\/www.ursheld.ch\/ursheld\/wp-json\/wp\/v2\/media\/3351"}],"wp:attachment":[{"href":"https:\/\/www.ursheld.ch\/ursheld\/wp-json\/wp\/v2\/media?parent=3511"}],"wp:term":[{"taxonomy":"post_tag","embeddable":true,"href":"https:\/\/www.ursheld.ch\/ursheld\/wp-json\/wp\/v2\/tags?post=3511"},{"taxonomy":"tribe_events_cat","embeddable":true,"href":"https:\/\/www.ursheld.ch\/ursheld\/wp-json\/wp\/v2\/tribe_events_cat?post=3511"}],"curies":[{"name":"wp","href":"https:\/\/api.w.org\/{rel}","templated":true}]}}