{"id":3617,"date":"2017-12-12T19:23:25","date_gmt":"2017-12-12T18:23:25","guid":{"rendered":"https:\/\/www.ursheld.ch\/ursheld\/?post_type=tribe_events&#038;p=3617"},"modified":"2017-12-13T12:48:00","modified_gmt":"2017-12-13T11:48:00","slug":"innenreise-leben-im-einklang-mit-deiner-wahren-natur-einheit-verbundenheit-liebe-4","status":"publish","type":"tribe_events","link":"https:\/\/www.ursheld.ch\/ursheld\/event\/innenreise-leben-im-einklang-mit-deiner-wahren-natur-einheit-verbundenheit-liebe-4\/","title":{"rendered":"Innenreise: Leben im Einklang mit deiner wahren Natur &#8211; Einheit, Verbundenheit &#038; Liebe (Morgenanlass)"},"content":{"rendered":"<h3><strong>\u201eAus der EINGRENZUNG des ICH in die WIRKLICHKEIT des SELBST\u201c<\/strong><\/h3>\n<p><strong>Innere Erfahrungen aus der Stille &#8211;\u00a0&#8222;Nur die Stille ist die Quelle jeder grossen Kraft.\u201c <\/strong>(Fjodor M. Dostojewski)<\/p>\n<ul>\n<li>Diese Treffen k\u00f6nnen Ihnen helfen, mit Ihren inneren Kr\u00e4ften, Ihrer Essenz und Ihrem wirklichen Sein in Ber\u00fchrung zu kommen.<\/li>\n<li>Pers\u00f6nliche Muster k\u00f6nnen erkannt und losgelassen werden.<\/li>\n<li>Diese inneren Begegnungen mit sich selber k\u00f6nnen Sie unterst\u00fctzen, den Weg der Wahrheit zu gehen und tiefe Kraft aus Ihrem Inneren zu erfahren.<\/li>\n<li>Auch auf K\u00f6rperebene kann Heilung geschehen &#8211; Kontaktnahme mit Ihrem inneren K\u00f6rper (inneres Energiefeld) kann gelingen<\/li>\n<li>Ein erfolgreiches und erf\u00fclltes Leben in Einheit, Verbundenheit und Liebe kann wahr werden.<\/li>\n<\/ul>\n<p>&nbsp;<\/p>\n<p><strong>Methodik:<\/strong><\/p>\n<ul>\n<li>\u201eNach Innen sp\u00fcren, f\u00fchlen und erfahren \u2013 Wesentliches geschehen lassen \u2013 Im Einklang leben\u201c<\/li>\n<li>Sich seiner vorpersonalen, personalen und transpersonalen (feinstoffliches, kausales und kosmisches Bewusstsein) Bewusstseinsr\u00e4ume bewusst werden<\/li>\n<li>Im Anschluss an eine gef\u00fchrte Stille- und Erfahrungsreise in die Tiefe der Leere der Wirklichkeit haben Sie Gelegenheit Fragen zum Erfahrenen oder zu Lebenssituationen zu stellen.<\/li>\n<li>Teilweise arbeiten wir auch in Zweiergruppen und gehen den Fragen jedes spirituell suchenden Menschen wie \u201eWer bin ich, woher komme ich, wohin gehe ich?\u201c nach.<\/li>\n<li>Wir widmen uns auch den tiefenpsychologischen Bedeutungen unserer Ziele, W\u00fcnsche und Bed\u00fcrfnisse mit Fragen wie \u201ewas will ich, was soll mir das geben, was brauche ich um mein Ziel zu erreichen, was hindert mich daran mein Ziel zu erreichen?\u201c<\/li>\n<li>Wir machen alles Erfahrungs\u00fcbungen, die Ihnen helfen, Ihre Symptome an den Ursachen zu erkennen, Sie auf der Pers\u00f6nlichkeitsebene zu st\u00e4rken und auf der Ebene der Ich-Transzendenz wirken.<\/li>\n<li>Heilung auf allen Ebenen (k\u00f6rperlich, mental, emotional, geistig, spirituell, kausal) kann geschehen.<\/li>\n<\/ul>\n<p><strong>! Dieser Morgen kann f\u00fcr Sie eine innere Erweiterung oder Ihr Tor\u00f6ffner zum Erkennen Ihrer wahren Natur werden. Auch f\u00fcr Sie ist ein Leben aus der Einheit und Liebe m\u00f6glich. Erfolg und Erf\u00fcllung folgen Ihren tiefen Erkenntnissen aus dem Unterbewusstsein wie von alleine.<\/strong><\/p>\n<p>&nbsp;<\/p>\n<p><strong>! Anmeldung an Urs Held \/ 079 753 53 05 \/ urs@ursheld.ch<\/strong><\/p>\n<p><strong>Ich freue mich auf Sie!<\/strong><\/p>\n<p>&nbsp;<\/p>\n","protected":false},"excerpt":{"rendered":"<p>\u201eAus der EINGRENZUNG des ICH in die WIRKLICHKEIT des SELBST\u201c Innere Erfahrungen aus der Stille &#8211;\u00a0&#8222;Nur die Stille ist die Quelle jeder grossen Kraft.\u201c (Fjodor M. Dostojewski) Diese Treffen k\u00f6nnen [&hellip;]<\/p>\n","protected":false},"author":2,"featured_media":1129,"template":"","meta":{"_tribe_events_status":"","_tribe_events_status_reason":"","footnotes":""},"tags":[],"tribe_events_cat":[25],"class_list":["post-3617","tribe_events","type-tribe_events","status-publish","has-post-thumbnail","hentry","tribe_events_cat-meditation","cat_meditation"],"_links":{"self":[{"href":"https:\/\/www.ursheld.ch\/ursheld\/wp-json\/wp\/v2\/tribe_events\/3617","targetHints":{"allow":["GET"]}}],"collection":[{"href":"https:\/\/www.ursheld.ch\/ursheld\/wp-json\/wp\/v2\/tribe_events"}],"about":[{"href":"https:\/\/www.ursheld.ch\/ursheld\/wp-json\/wp\/v2\/types\/tribe_events"}],"author":[{"embeddable":true,"href":"https:\/\/www.ursheld.ch\/ursheld\/wp-json\/wp\/v2\/users\/2"}],"version-history":[{"count":4,"href":"https:\/\/www.ursheld.ch\/ursheld\/wp-json\/wp\/v2\/tribe_events\/3617\/revisions"}],"predecessor-version":[{"id":3628,"href":"https:\/\/www.ursheld.ch\/ursheld\/wp-json\/wp\/v2\/tribe_events\/3617\/revisions\/3628"}],"wp:featuredmedia":[{"embeddable":true,"href":"https:\/\/www.ursheld.ch\/ursheld\/wp-json\/wp\/v2\/media\/1129"}],"wp:attachment":[{"href":"https:\/\/www.ursheld.ch\/ursheld\/wp-json\/wp\/v2\/media?parent=3617"}],"wp:term":[{"taxonomy":"post_tag","embeddable":true,"href":"https:\/\/www.ursheld.ch\/ursheld\/wp-json\/wp\/v2\/tags?post=3617"},{"taxonomy":"tribe_events_cat","embeddable":true,"href":"https:\/\/www.ursheld.ch\/ursheld\/wp-json\/wp\/v2\/tribe_events_cat?post=3617"}],"curies":[{"name":"wp","href":"https:\/\/api.w.org\/{rel}","templated":true}]}}