{"id":4421,"date":"2018-04-10T08:17:38","date_gmt":"2018-04-10T06:17:38","guid":{"rendered":"https:\/\/www.ursheld.ch\/ursheld\/?post_type=tribe_events&#038;p=4421"},"modified":"2018-04-15T13:42:36","modified_gmt":"2018-04-15T11:42:36","slug":"mutig-deinen-eigenen-weg-gehen","status":"publish","type":"tribe_events","link":"https:\/\/www.ursheld.ch\/ursheld\/event\/mutig-deinen-eigenen-weg-gehen\/","title":{"rendered":"Sei was Du wirklich bist!  > Frieden im Herzen . Freude am Sein . Freiheit im Handeln <"},"content":{"rendered":"<p><strong>Selbsterm\u00e4chtigung &#8211; Gehe mutig Deinen eigenen Weg &#8211; er darf auch neu und unbekannt sein &#8211; fang einfach an Dich Selbst zu sein und folge Deinem inneren Pfad\u00a0<\/strong><\/p>\n<h3><strong>raumfuersich.ch &#8211; die kreative Plattform f\u00fcr ein bewusstes Leben in Freiheit<\/strong><\/h3>\n<p><strong>Sich selber sein . Selbstheilung erfahren . Innewohnendes Potenzial entfalten . Projekte starten und gestalten . Eigene Unternehmung gr\u00fcnden . Berufung entdecken . Visionen finden . Tr\u00e4ume leben . W\u00fcnsche verwirklichen . Co-Working anstelle von Einzelkampf . Lebensunternehmer sein<\/strong><\/p>\n<h2>Paradigmenwechsel auch in der \u201eSchulstube\u201c<\/h2>\n<p><strong>\u201eDu kannst nichts erwerben, das Du nicht bereits in Dir hast oder bist\u201c<\/strong><\/p>\n<ul>\n<li>Diese Intensiv-Woche wird so ausgerichtet sein, dass Du <strong>keine Technik lernen musst<\/strong> und trotzdem <strong>alles erf\u00e4hrst,<\/strong>\u00a0was Du zum Heilen brauchst<\/li>\n<li><strong>kreatives lehren, unendliche R\u00e4ume f\u00fcr innere und \u00e4ussere Erfahrungen<\/strong> verbinden sich spielerisch leicht zu einem <strong>Ganzen<\/strong><\/li>\n<li><strong>Durch R\u00fcck-Verbinden bis zum Ursprung des Seins<\/strong>\u00a0erh\u00f6ht sich wie aus dem Nichts jegliche Heilkraft und Heilung ohne Dein Ich-bezogenes eingreifen<\/li>\n<li>Wer <strong>sich selber als Quelle allen Seins<\/strong>\u00a0erf\u00e4hrt, erkennt, dass er selber ein unendliches Feld von Liebe (F\u00fclle), Leere (Weisheit) und Bewusstsein (Gewahrsein) ist. Diese absolute Erfahrung ist die tiefste Heilung die ein Mensch erfahren kann<\/li>\n<li><strong>R\u00fcck-Erinnern an verborgenes Wissen<\/strong> wird durch Kommunikation mit Deinem Unterbewusstsein und \u00fcber die wissenden Felder m\u00f6glich. <strong>Alles was Du zum Heilen brauchst, wird Dir methodenunabh\u00e4ngig innerlich gezeigt.\u00a0<\/strong><\/li>\n<li>Dementsprechende <strong>Wieder-Erweckung und Entfaltung deines inneren Heilerpotenzials<\/strong> wirst Du \u201eeinfach so\u201c <strong>aus dem Selbst erfahren.\u00a0<\/strong>Die Wirkung der angewendeten Heilung wird tiefer und dauerhafter werden.<\/li>\n<li>Alte <strong>Verstrickungen oder Einweihungen<\/strong> aus den verschiedenen Systemen k\u00f6nnen sich bei Dir und in der Gruppe <strong>wie von alleine l\u00f6sen<\/strong><\/li>\n<li>Das <strong>wiedererlangte Wissen kannst Du respektvoll und dankbar anwenden<\/strong>. Wir machen das in diesem Rahmen in Zweier- oder Dreiergruppen.<\/li>\n<li>Die<strong> individuelle, spirituelle Begleitung<\/strong> von Mensch und Tier wird Dir innerlich und \u00e4usserlich gezeigt und durch wiederholtes Umsetzen verfestigt<\/li>\n<li><strong>S\u00e4mtliche Aspekte einer erfolgreichen und erf\u00fcllten Selbstst\u00e4ndigkeit<\/strong> werden auch immer wieder beleuchtet und von Dir in die gew\u00fcnschte Umsetzung gebracht. <strong>Aus der Tiefe Deines Seins und mit Mut und Tatkraft<\/strong> kannst Du bereits w\u00e4hrend dieser Intensivwoche <strong>Deine Weichen in Dein eigenes Unternehmertum stellen<\/strong>.<\/li>\n<\/ul>\n<h2>Paradigmenwechsel auch in der \u201eSchulstube\u201c<\/h2>\n<ul>\n<li>Urs Held hat sich von der gewohnten Seminar- und Ausbildungsform Lehrer-Sch\u00fcler verabschiedet und geht nun auch im Bildungsbereich neue Wege. Im Austausch mit\u00a0, dass es f\u00fcr immer mehr Menschen vor allem darum geht, Raum f\u00fcr ihre eigenen Ideen und Vorstellungen zu bekommen und diese aus ihrem tiefsten Wesenskern in die Welt zu bringen. nicht darum geht, sich m\u00fchsam noch mehr Informationen anzueignen, das sich nicht mit seinem pers\u00f6nlichen Wesenskern vereinbaren l\u00e4sst.<\/li>\n<li>Er bietet am Kraftort &#8222;platz440&#8220; in Walzenhausen kreative Plattformen f\u00fcr\u00a0s\u00e4mtliche Themen des Lebensrades:\n<ul>\n<li>Familie, Freunde, Partnerschaft<\/li>\n<li>Spiritualit\u00e4t auf allen Ebenen des Seins<\/li>\n<li>Gesundheit, Heilung, K\u00f6rper (physisch, mental, emotional, kausal, geistig)<\/li>\n<li>Berufung, Karriere, erfolgreich &amp; erf\u00fcllt Selbst\u00e4ndig<\/li>\n<li>Geld und F\u00fclle<\/li>\n<li>Gesellschaft, Soziales<\/li>\n<li>pers\u00f6nliche Entwicklung, Aus- und Weiterbildung<\/li>\n<\/ul>\n<\/li>\n<li>Das &#8222;Seminarkonzept&#8220; ist einfach und fordert und f\u00f6rdert Dich auf vielf\u00e4ltige Weise: Du bestimmst selber wo Deine Interessen liegen und was Du in der selbstgew\u00e4hlten Zeit (Du kannst Stunden-, Tage- oder Wochenweise kommen) tun willst.\u00a0 Urs Held ist aus dem Urgrund des Seins pr\u00e4sent und begleitet Dich im Sinne eines Br\u00fcckenbauers und T\u00fcr\u00f6ffners in die eine Wirklichkeit und als Mentor zur\u00fcck in deinen Alltag.<\/li>\n<li>In seinen Seminaren und Ausbildungen wurde erkannt, dass\n<ul>\n<li>pers\u00f6nliche Erfahrungen<\/li>\n<li>authentische Entwicklung<\/li>\n<li>tiefes Erkennen<\/li>\n<li>lebendiges Umsetzen<\/li>\n<\/ul>\n<p>&nbsp;<\/li>\n<li><\/li>\n<li><\/li>\n<\/ul>\n<p>&nbsp;<\/p>\n<ul>\n<li>Alleine und \/ oder gemeinsam in der Gruppe wird erforscht, erfahren und erkannt, wie sich das Leben durch Dich ausdr\u00fccken m\u00f6chte. In diesen Prozessen wird dem was auftaucht Raum gegeben und durch offene Hingabe an das was ist zur Wandlung gebracht.<\/li>\n<li>Du kannst diese Plattform ganz nach Deinen individuellen Bed\u00fcrfnissen nutzen. Als Auszeit, als Talentschmiede, als pers\u00f6nliche Weiterentwicklung, als Aus- oder Weiterbildung oder ganz einfach um zu Sein.<\/li>\n<li>Ganz egal wo Du in Deinem Leben gerade stehst, Du bist in Deiner pers\u00f6nlichen Einzigartigkeit, Deiner Essenz und in Deinem Wesen herzlich willkommen. Das Leben ist vielf\u00e4ltig und m\u00f6chte sich durch Dich in einer authentischen, einzigartigen Ausdrucksweise erfahren.\u00a0Wecke das Genie in Dir und bringe alle\u00a0Deine Tr\u00e4ume, W\u00fcnsche und Visionen mit.<\/li>\n<li>Individuell und in der Gruppe. Von Mensch zu Mensch. Von Seele zu Seele. Aus dem Urgrund des Seins.<\/li>\n<\/ul>\n<p>&nbsp;<\/p>\n<p>&nbsp;<\/p>\n<p>&nbsp;<\/p>\n<p>&nbsp;<\/p>\n<p>&nbsp;<\/p>\n<p>&nbsp;<\/p>\n<p><strong>&#8222;Wir m\u00fcssen selbst die Ver\u00e4nderung sein, die wir in der Welt sehen wollen.&#8220;\u00a0\u00a0\u00a0\u00a0\u00a0 Mahatma Gandhi<\/strong><\/p>\n<p>Diese Stunden, Tage oder die ganze Woche ist f\u00fcr Menschen geeignet die<\/p>\n<ul>\n<li>Klarheit, Pr\u00e4senz und reines Bewusstsein in ihrem Leben w\u00fcnschen<\/li>\n<li>frei und im Einklang mit sich und ihrer Welt ihre Projekte, Tr\u00e4ume und Visionen umsetzen wollen<\/li>\n<li>ihre wahre Berufung finden wollen und ihr inneres Potenzial ganz zur Bl\u00fcte entfalten wollen<\/li>\n<li><\/li>\n<\/ul>\n<p>&nbsp;<\/p>\n<p>Frei sein bedeutet auf der Ebene der<\/p>\n<p>&nbsp;<\/p>\n<p>SELBST-Erm\u00e4chtigung: Finde Deinen Weg in Freiheit und Liebe<\/p>\n<p>Freiheit, Frieden &amp; Liebe<\/p>\n<p><strong>Selbsterm\u00e4chtigung anstelle von Machtlosigkeit<\/strong><\/p>\n<p><strong>\u00a0\u00a0\u00a0\u00a0\u00a0\u00a0\u00a0\u00a0 <\/strong><\/p>\n<p><strong>? WO STEHEN SIE IN IHREM LEBENSRAD ?<\/strong><\/p>\n<p><strong>? WOHIN M\u00d6CHTEN SIE SICH ENTWICKELN ?<\/strong><\/p>\n<p>&nbsp;<\/p>\n<p><strong>\u201eDie einzigen Dinge die in deinem Leben wachsen k\u00f6nnen, sind jene Dinge denen du deine\u00a0Aufmerksamkeit schenkst.\u201c\u00a0\u00a0\u00a0\u00a0\u00a0 R.W. Emerson<\/strong><\/p>\n<p>&nbsp;<\/p>\n","protected":false},"excerpt":{"rendered":"<p>Selbsterm\u00e4chtigung &#8211; Gehe mutig Deinen eigenen Weg &#8211; er darf auch neu und unbekannt sein &#8211; fang einfach an Dich Selbst zu sein und folge Deinem inneren Pfad\u00a0 raumfuersich.ch &#8211; [&hellip;]<\/p>\n","protected":false},"author":2,"featured_media":1129,"template":"","meta":{"_tribe_events_status":"","_tribe_events_status_reason":"","footnotes":""},"tags":[],"tribe_events_cat":[26],"class_list":["post-4421","tribe_events","type-tribe_events","status-publish","has-post-thumbnail","hentry","tribe_events_cat-seminare","cat_seminare"],"_links":{"self":[{"href":"https:\/\/www.ursheld.ch\/ursheld\/wp-json\/wp\/v2\/tribe_events\/4421","targetHints":{"allow":["GET"]}}],"collection":[{"href":"https:\/\/www.ursheld.ch\/ursheld\/wp-json\/wp\/v2\/tribe_events"}],"about":[{"href":"https:\/\/www.ursheld.ch\/ursheld\/wp-json\/wp\/v2\/types\/tribe_events"}],"author":[{"embeddable":true,"href":"https:\/\/www.ursheld.ch\/ursheld\/wp-json\/wp\/v2\/users\/2"}],"version-history":[{"count":41,"href":"https:\/\/www.ursheld.ch\/ursheld\/wp-json\/wp\/v2\/tribe_events\/4421\/revisions"}],"predecessor-version":[{"id":4494,"href":"https:\/\/www.ursheld.ch\/ursheld\/wp-json\/wp\/v2\/tribe_events\/4421\/revisions\/4494"}],"wp:featuredmedia":[{"embeddable":true,"href":"https:\/\/www.ursheld.ch\/ursheld\/wp-json\/wp\/v2\/media\/1129"}],"wp:attachment":[{"href":"https:\/\/www.ursheld.ch\/ursheld\/wp-json\/wp\/v2\/media?parent=4421"}],"wp:term":[{"taxonomy":"post_tag","embeddable":true,"href":"https:\/\/www.ursheld.ch\/ursheld\/wp-json\/wp\/v2\/tags?post=4421"},{"taxonomy":"tribe_events_cat","embeddable":true,"href":"https:\/\/www.ursheld.ch\/ursheld\/wp-json\/wp\/v2\/tribe_events_cat?post=4421"}],"curies":[{"name":"wp","href":"https:\/\/api.w.org\/{rel}","templated":true}]}}